{"id":441,"date":"2022-04-30T15:49:28","date_gmt":"2022-04-30T12:49:28","guid":{"rendered":"https:\/\/wwwdev-exhibitions-nlg-gr.sociality.gr\/exhibition_page\/adamantios-korais\/"},"modified":"2022-08-29T13:53:26","modified_gmt":"2022-08-29T10:53:26","slug":"adamantios-korais","status":"publish","type":"exhibition_page","link":"https:\/\/wwwdev-exhibitions-nlg-gr.sociality.gr\/en\/exhibition_page\/adamantios-korais\/","title":{"rendered":"Adamantios Korais"},"content":{"rendered":"<p><img loading=\"lazy\" decoding=\"async\" class=\"size-full wp-image-265 aligncenter\" src=\"https:\/\/wwwdev-exhibitions-nlg-gr.sociality.gr\/wp-content\/uploads\/2022\/04\/image1.jpg\" alt=\"\" width=\"862\" height=\"400\" srcset=\"https:\/\/wwwdev-exhibitions-nlg-gr.sociality.gr\/wp-content\/uploads\/2022\/04\/image1.jpg 862w, https:\/\/wwwdev-exhibitions-nlg-gr.sociality.gr\/wp-content\/uploads\/2022\/04\/image1-300x139.jpg 300w, https:\/\/wwwdev-exhibitions-nlg-gr.sociality.gr\/wp-content\/uploads\/2022\/04\/image1-768x356.jpg 768w\" sizes=\"auto, (max-width: 862px) 100vw, 862px\" \/><\/p>\n<p>It is impossible to form a virtuous and legal state without courts that are just, because the courts in an illegitimate state are also illegitimate..<\/p>\n<p style=\"text-align: right;\">Adamantios Korais<\/p>\n\t\t\t<span class=\"annotation-id-container\"><span class=\"annotation-id\" data-id=\"C1\">Adamantios Korais<\/span><\/span>, using the penname <i>\u1f08\u03c4\u03c1\u03cc\u03bc\u03b7\u03c4\u03bf\u03c2 \u1f41 \u1f10\u03ba \u039c\u03b1\u03c1\u03b1\u03b8\u1ff6\u03bd\u03bf\u03c2<\/i> [Fearless of Marathon]<i>,<\/i> published the work \t\t\t<span class=\"annotation-id-container\"><span class=\"annotation-id\" data-id=\"C2\"><i>\u03a3\u03ac\u03bb\u03c0\u03b9\u03c3\u03bc\u03b1 \u03a0\u03bf\u03bb\u03b5\u03bc\u03b9\u03c3\u03c4\u03ae\u03c1\u03b9\u03bf\u03bd<\/i><\/span><\/span><b><i> <\/i><\/b>[Military Trumpet],\u00a0\u00a0in 1801 in Paris \u2013and not in Alexandria, as written on the title page\u2013 linking the Greek call for liberation from the Ottoman rule with Napoleon\u2019s campaign in Egypt. The frontispiece features an engraving that depicts enslaved Greece as a woman in ragged attire, with her hands raised in supplication while the Ottoman oppressor stands beside her. In July 1821, with the Revolution in full force in Greece, the French translation of the work was published in Paris with the title \t\t\t<span class=\"annotation-id-container\"><span class=\"annotation-id\" data-id=\"C3\"><i>\u03a3\u03ac\u03bb\u03c0\u03b9\u03c3\u03bc\u03b1 \u03a0\u03bf\u03bb\u03b5\u03bc\u03b9\u03c3\u03c4\u03ae\u03c1\u03b9\u03bf\u03bd.<\/i> <i>Appel aux Grecs<\/i><\/span><\/span>\u00a0<b><i> <\/i><\/b>[Military Trumpet. Appeal to the Greeks] . In December 1821, Korais published a reprint of his work from 1801.<\/p>\n<p>In 1802, Korais translated Cesare Beccaria\u2019s work \t\t\t<span class=\"annotation-id-container\"><span class=\"annotation-id\" data-id=\"C4\"><i>Dei delitti e delle pene<\/i><\/span><\/span> \u00a0under the title \t\t\t<span class=\"annotation-id-container\"><span class=\"annotation-id\" data-id=\"C5\"><i>\u03a0\u03b5\u03c1\u1f76 \u1f09\u03bc\u03b1\u03c1\u03c4\u03b7\u03bc\u03ac\u03c4\u03c9\u03bd, \u03ba\u03b1\u1f76 \u03a0\u03bf\u03b9\u03bd\u1ff6\u03bd, \u03c0\u03bf\u03bb\u03b9\u03c4\u03b9\u03ba\u1ff6\u03c2<\/i> <i>\u03b8\u03b5\u03c9\u03c1\u03bf\u03c5\u03bc\u03ad\u03bd\u03c9\u03bd<\/i><\/span><\/span>\u00a0 [Concerning Crimes, and Punishments, the political ones]\u00a0\u00a0 and dedicated it \u201cTo the newly founded Greek Septinsular Republic\u201d. In 1823 he published an edited version of this edition using the new title \t\t\t<span class=\"annotation-id-container\"><span class=\"annotation-id\" data-id=\"C6\"><i>\u03a0\u03b5\u03c1\u1f76 \u1f08\u03b4\u03b9\u03ba\u03b7\u03bc\u03ac\u03c4\u03c9\u03bd \u03ba\u03b1\u1f76 \u03a0\u03bf\u03b9\u03bd\u1ff6\u03bd<\/i><\/span><\/span> [Concerning Crimes, and Punishments] and the dedication \u201cTo the future Judges of the Greeks\u201d . The translation of Beccaria\u2019s work by Korais is also included in the \t\t\t<span class=\"annotation-id-container\"><span class=\"annotation-id\" data-id=\"C7a\">series of publications<\/span><\/span> in the \u201cDeposit of Books\u201d which opened in 1829 in the building of the Aegina Orphanage and the libraries that were founded \u201cin each of the public schools of the state\u201d according to an edict of 1835.<\/p>\n<p>On 6 January 1803, from the platform of the Soci\u00e9t\u00e9 des Observateurs de l\u2019Homme [Society of Observers of Man] Korais read his speech in French titled \t\t\t<span class=\"annotation-id-container\"><span class=\"annotation-id\" data-id=\"C8\"><i>M\u00e9moire sur l'\u00e9tat actuel de la civilisation dans la Gr\u00e8ce<\/i><\/span><\/span>\u00a0 [Report on the present state of civilization in Greece] about the state of education in Greece. The text was published that year and reprinted by Korais in 1818, with the initial publication date . The Greek translation by Anastasios Konstantinidis was published in Athens in 1853 under the title \t\t\t<span class=\"annotation-id-container\"><span class=\"annotation-id\" data-id=\"C9\"><i>\u1f59\u03c0\u03cc\u03bc\u03bd\u03b7\u03bc\u03b1 \u03a0\u03b5\u03c1\u1f76 \u03c4\u1fc6\u03c2 \u03a0\u03b1\u03c1\u03bf\u03cd\u03c3\u03b7\u03c2 \u039a\u03b1\u03c4\u03b1\u03c3\u03c4\u1f71\u03c3\u03b5\u03c9\u03c2 \u03c4\u03bf\u1fe6 \u03a0\u03bf\u03bb\u03b9\u03c4\u03b9\u03c3\u03bc\u03bf\u1fe6 \u1f10\u03bd \u1f19\u03bb\u03bb\u1f71\u03b4\u03b9<\/i><\/span><\/span> [Report on the present state of civilization in Greece] .<\/p>\n<p>The views expressed by Korais featured largely in articles written for journals of the pre-revolutionary period. For example, the article by Konstantinos Nikolopoulos in \t\t\t<span class=\"annotation-id-container\"><span class=\"annotation-id\" data-id=\"C10\"><i>\u039c\u03ad\u03bb\u03b9\u03c3\u03c3\u03b1<\/i><\/span><\/span> [Bee] in 1820, where the afterword to the <i>M\u00e9moire <\/i>by Korais is reprinted, as well as the unsigned article in the journal \t\t\t<span class=\"annotation-id-container\"><span class=\"annotation-id\" data-id=\"C11\"><b><i>\u1f19\u03c1\u03bc\u1fc6\u03c2 \u1f41 \u039b\u03cc\u03b3\u03b9\u03bf\u03c2<\/i><\/b><\/span><\/span><b><i> <\/i><\/b>[Learned Hermes] in 1821, which defended Korais and his views regarding education in Greece and the Greek language.<\/p>\n<p>During the years of the Struggle, Petros Ipitis, member of Filiki Eteria (Society of Friends) and personal physician of Alexandros Ypsilantis, travelled to various cities of Europe, as depicted on his \t\t\t<span class=\"annotation-id-container\"><span class=\"annotation-id\" data-id=\"C12\">passport<\/span><\/span>, \u00a0in order to establish communication with political and intellectual figures abroad and to secure their support. He also had a \t\t\t<span class=\"annotation-id-container\"><span class=\"annotation-id\" data-id=\"C13\">proclamation<\/span><\/span><b> <\/b>for the Greeks in Europe\u00a0 and a \t\t\t<span class=\"annotation-id-container\"><span class=\"annotation-id\" data-id=\"C14\">letter<\/span><\/span><b> <\/b>by Dimitrios Ypsilantis to Adamantios Korais, dating from April 1821, with the characteristic address: \u201cGreetings, Wise Elder and common Father of the Greeks [\u2026] Proclaim with your stentorian voice to the wise nations on earth the greatness of our rights\u201d.<br \/>\n<iframe loading=\"lazy\" title=\"Slide show (3) \u0391\u03b4\u03b1\u03bc\u03ac\u03bd\u03b9\u03bf\u03c2 \u039a\u03bf\u03c1\u03b1\u03ae\u03c2\" width=\"1080\" height=\"608\" src=\"https:\/\/www.youtube.com\/embed\/hqy9l9q25nM?feature=oembed\" frameborder=\"0\" allow=\"accelerometer; autoplay; clipboard-write; encrypted-media; gyroscope; picture-in-picture\" allowfullscreen><\/iframe><\/p>\n","protected":false},"featured_media":1773,"template":"","exhibition":[24],"class_list":{"0":"post-441","1":"exhibition_page","2":"type-exhibition_page","3":"status-publish","4":"has-post-thumbnail","6":"exhibition-enlightenment"},"acf":[],"yoast_head":"<!-- This site is optimized with the Yoast SEO plugin v19.6 - https:\/\/yoast.com\/wordpress\/plugins\/seo\/ -->\n<title>Adamantios Korais - wwwdev-exhibitions-nlg-gr.sociality.gr<\/title>\n<meta name=\"robots\" content=\"index, follow, max-snippet:-1, max-image-preview:large, max-video-preview:-1\" \/>\n<link rel=\"canonical\" href=\"https:\/\/wwwdev-exhibitions-nlg-gr.sociality.gr\/en\/exhibition_page\/adamantios-korais\/\" \/>\n<meta property=\"og:locale\" content=\"en_US\" \/>\n<meta property=\"og:type\" content=\"article\" \/>\n<meta property=\"og:title\" content=\"Adamantios Korais - wwwdev-exhibitions-nlg-gr.sociality.gr\" \/>\n<meta property=\"og:description\" content=\"It is impossible to form a virtuous and legal state without courts that are just, because the courts in an illegitimate state are also illegitimate.. Adamantios Korais , using the...\" \/>\n<meta property=\"og:url\" content=\"https:\/\/wwwdev-exhibitions-nlg-gr.sociality.gr\/en\/exhibition_page\/adamantios-korais\/\" \/>\n<meta property=\"og:site_name\" content=\"wwwdev-exhibitions-nlg-gr.sociality.gr\" \/>\n<meta property=\"article:publisher\" content=\"https:\/\/www.facebook.com\/nationallibraryofgreece\/\" \/>\n<meta property=\"article:modified_time\" content=\"2022-08-29T10:53:26+00:00\" \/>\n<meta property=\"og:image\" content=\"https:\/\/wwwdev-exhibitions-nlg-gr.sociality.gr\/wp-content\/uploads\/2022\/04\/new1_korais.jpg\" \/>\n\t<meta property=\"og:image:width\" content=\"1152\" \/>\n\t<meta property=\"og:image:height\" content=\"712\" \/>\n\t<meta property=\"og:image:type\" content=\"image\/jpeg\" \/>\n<meta name=\"twitter:card\" content=\"summary_large_image\" \/>\n<meta name=\"twitter:label1\" content=\"Est. reading time\" \/>\n\t<meta name=\"twitter:data1\" content=\"4 minutes\" \/>\n<script type=\"application\/ld+json\" class=\"yoast-schema-graph\">{\"@context\":\"https:\/\/schema.org\",\"@graph\":[{\"@type\":\"WebPage\",\"@id\":\"https:\/\/wwwdev-exhibitions-nlg-gr.sociality.gr\/en\/exhibition_page\/adamantios-korais\/\",\"url\":\"https:\/\/wwwdev-exhibitions-nlg-gr.sociality.gr\/en\/exhibition_page\/adamantios-korais\/\",\"name\":\"Adamantios Korais - wwwdev-exhibitions-nlg-gr.sociality.gr\",\"isPartOf\":{\"@id\":\"https:\/\/wwwdev-exhibitions-nlg-gr.sociality.gr\/#website\"},\"datePublished\":\"2022-04-30T12:49:28+00:00\",\"dateModified\":\"2022-08-29T10:53:26+00:00\",\"breadcrumb\":{\"@id\":\"https:\/\/wwwdev-exhibitions-nlg-gr.sociality.gr\/en\/exhibition_page\/adamantios-korais\/#breadcrumb\"},\"inLanguage\":\"en-US\",\"potentialAction\":[{\"@type\":\"ReadAction\",\"target\":[\"https:\/\/wwwdev-exhibitions-nlg-gr.sociality.gr\/en\/exhibition_page\/adamantios-korais\/\"]}]},{\"@type\":\"BreadcrumbList\",\"@id\":\"https:\/\/wwwdev-exhibitions-nlg-gr.sociality.gr\/en\/exhibition_page\/adamantios-korais\/#breadcrumb\",\"itemListElement\":[{\"@type\":\"ListItem\",\"position\":1,\"name\":\"Home\",\"item\":\"https:\/\/wwwdev-exhibitions-nlg-gr.sociality.gr\/en\/\"},{\"@type\":\"ListItem\",\"position\":2,\"name\":\"Exhibition Pages\",\"item\":\"https:\/\/wwwdev-exhibitions-nlg-gr.sociality.gr\/exhibition_page\/\"},{\"@type\":\"ListItem\",\"position\":3,\"name\":\"Adamantios Korais\"}]},{\"@type\":\"WebSite\",\"@id\":\"https:\/\/wwwdev-exhibitions-nlg-gr.sociality.gr\/#website\",\"url\":\"https:\/\/wwwdev-exhibitions-nlg-gr.sociality.gr\/\",\"name\":\"wwwdev-exhibitions-nlg-gr.sociality.gr\",\"description\":\"\u0395\u0392\u0395 | \u03a8\u03b7\u03c6\u03b9\u03b1\u03ba\u03ad\u03c2 \u0395\u03ba\u03b8\u03ad\u03c3\u03b5\u03b9\u03c2\",\"publisher\":{\"@id\":\"https:\/\/wwwdev-exhibitions-nlg-gr.sociality.gr\/#organization\"},\"potentialAction\":[{\"@type\":\"SearchAction\",\"target\":{\"@type\":\"EntryPoint\",\"urlTemplate\":\"https:\/\/wwwdev-exhibitions-nlg-gr.sociality.gr\/?s={search_term_string}\"},\"query-input\":\"required name=search_term_string\"}],\"inLanguage\":\"en-US\"},{\"@type\":\"Organization\",\"@id\":\"https:\/\/wwwdev-exhibitions-nlg-gr.sociality.gr\/#organization\",\"name\":\"NLG\",\"url\":\"https:\/\/wwwdev-exhibitions-nlg-gr.sociality.gr\/\",\"sameAs\":[\"https:\/\/www.facebook.com\/nationallibraryofgreece\/\"],\"logo\":{\"@type\":\"ImageObject\",\"inLanguage\":\"en-US\",\"@id\":\"https:\/\/wwwdev-exhibitions-nlg-gr.sociality.gr\/#\/schema\/logo\/image\/\",\"url\":\"https:\/\/wwwdev-exhibitions-nlg-gr.sociality.gr\/wp-content\/uploads\/2022\/06\/NLG_logo_2_lines.png\",\"contentUrl\":\"https:\/\/wwwdev-exhibitions-nlg-gr.sociality.gr\/wp-content\/uploads\/2022\/06\/NLG_logo_2_lines.png\",\"width\":640,\"height\":90,\"caption\":\"NLG\"},\"image\":{\"@id\":\"https:\/\/wwwdev-exhibitions-nlg-gr.sociality.gr\/#\/schema\/logo\/image\/\"}}]}<\/script>\n<!-- \/ Yoast SEO plugin. -->","yoast_head_json":{"title":"Adamantios Korais - wwwdev-exhibitions-nlg-gr.sociality.gr","robots":{"index":"index","follow":"follow","max-snippet":"max-snippet:-1","max-image-preview":"max-image-preview:large","max-video-preview":"max-video-preview:-1"},"canonical":"https:\/\/wwwdev-exhibitions-nlg-gr.sociality.gr\/en\/exhibition_page\/adamantios-korais\/","og_locale":"en_US","og_type":"article","og_title":"Adamantios Korais - wwwdev-exhibitions-nlg-gr.sociality.gr","og_description":"It is impossible to form a virtuous and legal state without courts that are just, because the courts in an illegitimate state are also illegitimate.. Adamantios Korais , using the...","og_url":"https:\/\/wwwdev-exhibitions-nlg-gr.sociality.gr\/en\/exhibition_page\/adamantios-korais\/","og_site_name":"wwwdev-exhibitions-nlg-gr.sociality.gr","article_publisher":"https:\/\/www.facebook.com\/nationallibraryofgreece\/","article_modified_time":"2022-08-29T10:53:26+00:00","og_image":[{"width":1152,"height":712,"url":"https:\/\/wwwdev-exhibitions-nlg-gr.sociality.gr\/wp-content\/uploads\/2022\/04\/new1_korais.jpg","type":"image\/jpeg"}],"twitter_card":"summary_large_image","twitter_misc":{"Est. reading time":"4 minutes"},"schema":{"@context":"https:\/\/schema.org","@graph":[{"@type":"WebPage","@id":"https:\/\/wwwdev-exhibitions-nlg-gr.sociality.gr\/en\/exhibition_page\/adamantios-korais\/","url":"https:\/\/wwwdev-exhibitions-nlg-gr.sociality.gr\/en\/exhibition_page\/adamantios-korais\/","name":"Adamantios Korais - wwwdev-exhibitions-nlg-gr.sociality.gr","isPartOf":{"@id":"https:\/\/wwwdev-exhibitions-nlg-gr.sociality.gr\/#website"},"datePublished":"2022-04-30T12:49:28+00:00","dateModified":"2022-08-29T10:53:26+00:00","breadcrumb":{"@id":"https:\/\/wwwdev-exhibitions-nlg-gr.sociality.gr\/en\/exhibition_page\/adamantios-korais\/#breadcrumb"},"inLanguage":"en-US","potentialAction":[{"@type":"ReadAction","target":["https:\/\/wwwdev-exhibitions-nlg-gr.sociality.gr\/en\/exhibition_page\/adamantios-korais\/"]}]},{"@type":"BreadcrumbList","@id":"https:\/\/wwwdev-exhibitions-nlg-gr.sociality.gr\/en\/exhibition_page\/adamantios-korais\/#breadcrumb","itemListElement":[{"@type":"ListItem","position":1,"name":"Home","item":"https:\/\/wwwdev-exhibitions-nlg-gr.sociality.gr\/en\/"},{"@type":"ListItem","position":2,"name":"Exhibition Pages","item":"https:\/\/wwwdev-exhibitions-nlg-gr.sociality.gr\/exhibition_page\/"},{"@type":"ListItem","position":3,"name":"Adamantios Korais"}]},{"@type":"WebSite","@id":"https:\/\/wwwdev-exhibitions-nlg-gr.sociality.gr\/#website","url":"https:\/\/wwwdev-exhibitions-nlg-gr.sociality.gr\/","name":"wwwdev-exhibitions-nlg-gr.sociality.gr","description":"\u0395\u0392\u0395 | \u03a8\u03b7\u03c6\u03b9\u03b1\u03ba\u03ad\u03c2 \u0395\u03ba\u03b8\u03ad\u03c3\u03b5\u03b9\u03c2","publisher":{"@id":"https:\/\/wwwdev-exhibitions-nlg-gr.sociality.gr\/#organization"},"potentialAction":[{"@type":"SearchAction","target":{"@type":"EntryPoint","urlTemplate":"https:\/\/wwwdev-exhibitions-nlg-gr.sociality.gr\/?s={search_term_string}"},"query-input":"required name=search_term_string"}],"inLanguage":"en-US"},{"@type":"Organization","@id":"https:\/\/wwwdev-exhibitions-nlg-gr.sociality.gr\/#organization","name":"NLG","url":"https:\/\/wwwdev-exhibitions-nlg-gr.sociality.gr\/","sameAs":["https:\/\/www.facebook.com\/nationallibraryofgreece\/"],"logo":{"@type":"ImageObject","inLanguage":"en-US","@id":"https:\/\/wwwdev-exhibitions-nlg-gr.sociality.gr\/#\/schema\/logo\/image\/","url":"https:\/\/wwwdev-exhibitions-nlg-gr.sociality.gr\/wp-content\/uploads\/2022\/06\/NLG_logo_2_lines.png","contentUrl":"https:\/\/wwwdev-exhibitions-nlg-gr.sociality.gr\/wp-content\/uploads\/2022\/06\/NLG_logo_2_lines.png","width":640,"height":90,"caption":"NLG"},"image":{"@id":"https:\/\/wwwdev-exhibitions-nlg-gr.sociality.gr\/#\/schema\/logo\/image\/"}}]}},"_links":{"self":[{"href":"https:\/\/wwwdev-exhibitions-nlg-gr.sociality.gr\/en\/wp-json\/wp\/v2\/exhibition_page\/441","targetHints":{"allow":["GET"]}}],"collection":[{"href":"https:\/\/wwwdev-exhibitions-nlg-gr.sociality.gr\/en\/wp-json\/wp\/v2\/exhibition_page"}],"about":[{"href":"https:\/\/wwwdev-exhibitions-nlg-gr.sociality.gr\/en\/wp-json\/wp\/v2\/types\/exhibition_page"}],"version-history":[{"count":5,"href":"https:\/\/wwwdev-exhibitions-nlg-gr.sociality.gr\/en\/wp-json\/wp\/v2\/exhibition_page\/441\/revisions"}],"predecessor-version":[{"id":1850,"href":"https:\/\/wwwdev-exhibitions-nlg-gr.sociality.gr\/en\/wp-json\/wp\/v2\/exhibition_page\/441\/revisions\/1850"}],"wp:featuredmedia":[{"embeddable":true,"href":"https:\/\/wwwdev-exhibitions-nlg-gr.sociality.gr\/en\/wp-json\/wp\/v2\/media\/1773"}],"wp:attachment":[{"href":"https:\/\/wwwdev-exhibitions-nlg-gr.sociality.gr\/en\/wp-json\/wp\/v2\/media?parent=441"}],"wp:term":[{"taxonomy":"exhibition","embeddable":true,"href":"https:\/\/wwwdev-exhibitions-nlg-gr.sociality.gr\/en\/wp-json\/wp\/v2\/exhibition?post=441"}],"curies":[{"name":"wp","href":"https:\/\/api.w.org\/{rel}","templated":true}]}}